{"version":"1.0","provider_name":"","provider_url":"https:\/\/www.sillon38.com\/blog","author_name":"M Coeur","author_url":"https:\/\/www.sillon38.com\/blog\/author\/gilbert\/","title":"Les jeunes agriculteurs au march\u00e9 de Voiron -","type":"rich","width":600,"height":338,"html":"<blockquote class=\"wp-embedded-content\" data-secret=\"tK6yHdKBCc\"><a href=\"https:\/\/www.sillon38.com\/blog\/2009\/09\/23\/les-jeunes-agriculteurs-au-marche-de-voiron\/\">Les jeunes agriculteurs au march\u00e9 de Voiron<\/a><\/blockquote><iframe sandbox=\"allow-scripts\" security=\"restricted\" src=\"https:\/\/www.sillon38.com\/blog\/2009\/09\/23\/les-jeunes-agriculteurs-au-marche-de-voiron\/embed\/#?secret=tK6yHdKBCc\" width=\"600\" height=\"338\" title=\"\u00ab\u00a0Les jeunes agriculteurs au march\u00e9 de Voiron\u00a0\u00bb &#8212; \" data-secret=\"tK6yHdKBCc\" frameborder=\"0\" marginwidth=\"0\" marginheight=\"0\" scrolling=\"no\" class=\"wp-embedded-content\"><\/iframe><script type=\"text\/javascript\">\n\/* <![CDATA[ *\/\n\/*! This file is auto-generated *\/\n!function(d,l){\"use strict\";l.querySelector&&d.addEventListener&&\"undefined\"!=typeof URL&&(d.wp=d.wp||{},d.wp.receiveEmbedMessage||(d.wp.receiveEmbedMessage=function(e){var t=e.data;if((t||t.secret||t.message||t.value)&&!\/[^a-zA-Z0-9]\/.test(t.secret)){for(var s,r,n,a=l.querySelectorAll('iframe[data-secret=\"'+t.secret+'\"]'),o=l.querySelectorAll('blockquote[data-secret=\"'+t.secret+'\"]'),c=new RegExp(\"^https?:$\",\"i\"),i=0;i<o.length;i++)o[i].style.display=\"none\";for(i=0;i<a.length;i++)s=a[i],e.source===s.contentWindow&&(s.removeAttribute(\"style\"),\"height\"===t.message?(1e3<(r=parseInt(t.value,10))?r=1e3:~~r<200&&(r=200),s.height=r):\"link\"===t.message&&(r=new URL(s.getAttribute(\"src\")),n=new URL(t.value),c.test(n.protocol))&&n.host===r.host&&l.activeElement===s&&(d.top.location.href=t.value))}},d.addEventListener(\"message\",d.wp.receiveEmbedMessage,!1),l.addEventListener(\"DOMContentLoaded\",function(){for(var e,t,s=l.querySelectorAll(\"iframe.wp-embedded-content\"),r=0;r<s.length;r++)(t=(e=s[r]).getAttribute(\"data-secret\"))||(t=Math.random().toString(36).substring(2,12),e.src+=\"#?secret=\"+t,e.setAttribute(\"data-secret\",t)),e.contentWindow.postMessage({message:\"ready\",secret:t},\"*\")},!1)))}(window,document);\n\/\/# sourceURL=https:\/\/www.sillon38.com\/blog\/wp-includes\/js\/wp-embed.min.js\n\/* ]]> *\/\n<\/script>\n","description":"Les jeunes agriculteurs du canton de rives Voiron se sont rendus ce mercredi matin sur le march\u00e9 de Voiron. ils ont distribu\u00e9 du lait, discut\u00e9 avec les clients et rencontr\u00e9 le maire de la ville. Il en est sorti des propositions tout \u00e0 fait int\u00e9ressantes..."}